{"id":3,"date":"2023-05-26T08:48:08","date_gmt":"2023-05-26T06:48:08","guid":{"rendered":"https:\/\/www.fondazionesancarlo.it\/collegio\/?page_id=3"},"modified":"2023-11-21T15:04:55","modified_gmt":"2023-11-21T14:04:55","slug":"privacy-policy","status":"publish","type":"page","link":"https:\/\/www.fondazionesancarlo.it\/collegio\/privacy-policy\/","title":{"rendered":"Privacy Policy"},"content":{"rendered":"<!-- box -->\r\n  <section id=\"69f46b5be2daf\"  class=\"box blockType-text  \">\r\n    <div class=\"maxWidthBlock\">\r\n      <div class=\"container g-0\">\r\n        <div class=\"row align-items-center titleRow\">\r\n          <div class=\"col-12\">\r\n            \n\n<h3 class=\"wp-block-heading\">Titolare del trattamento e Responsabile della protezione dei dati<\/h3>\n\n\n\n<p>Il Titolare del trattamento \u00e8 la Fondazione Collegio San Carlo, con sede legale in via San Carlo 5, Modena, tel. 059.421221, fax 059.421280, e-mail&nbsp;<a href=\"mailto:privacy2004@fondazionesancarlo.it\" target=\"_blank\" rel=\"noreferrer noopener\">privacy2004@fondazionesancarlo.it<\/a><\/p>\n\n\n\n<p>Il Responsabile della protezione dei dati potr\u00e0 essere contattato ai seguenti recapiti: Via San Carlo 5, Modena, tel. 059.421211,&nbsp;fax 059.421280, e-mail dpo@fondazionesancarlo.it<\/p>\n\n\n\n<h3 class=\"wp-block-heading has-medium-font-size\" style=\"font-style:normal;font-weight:700\">Finalit\u00e0<\/h3>\n\n\n\n<p>I Suoi dati personali saranno oggetto di operazioni di trattamento per le seguenti finalit\u00e0:<\/p>\n\n\n\n<ul>\n<li>fornire i servizi offerti dal Sito, inclusa la gestione delle interazioni tra quest\u2019ultimo e l\u2019utente;<\/li>\n\n\n\n<li>tenere traccia dell\u2019accettazione o presa visione o meno da parte dell\u2019utente della cookie policy<\/li>\n\n\n\n<li>salvare le preferenze di navigazione (per esempio, la lingua che hai scelto) ed ottimizzare la fruizione del sito web;<\/li>\n\n\n\n<li>analizzare, in forma aggregata e anonima, l\u2019utilizzo del nostro sito Web per: visualizzare il numero degli utenti e come questi visitano il sito; monitorare le prestazioni dei prodotti e servizi offerti da Snaitech attraverso il sito Web; ottimizzare le funzionalit\u00e0 del sito;<\/li>\n\n\n\n<li>inviare comunicazioni anche a carattere informativo in linea con i gusti e\/o le preferenze dell\u2019utente, con l\u2019obiettivo di migliorare l\u2019esperienza dell\u2019utente nella fruizione del Sito stesso creando specifici profili utenti;<\/li>\n\n\n\n<li>mostrare all\u2019utente messaggi personalizzati.<\/li>\n<\/ul>\n\n\n\n<h3 class=\"wp-block-heading has-medium-font-size\" style=\"font-style:normal;font-weight:700\">Base giuridica del trattamento e modalit\u00e0 di trattamento<\/h3>\n\n\n\n<p>I trattamenti correlati alle finalit\u00e0 A) e B) riconducibili alla categoria dei \u201ccookie tecnici\u201d, hanno come base giuridica quella contrattuale.<\/p>\n\n\n\n<p>I trattamenti correlati alle finalit\u00e0 C) riconducibili alla categoria dei \u201ccookie analitici\u201d hanno come base giuridica quella contrattuale.<\/p>\n\n\n\n<p>I trattamenti correlati alle finalit\u00e0 D), E) ed F, riconducibili alla categoria dei \u201ccookie di profilazione\u201d hanno come base giuridica il consenso.<\/p>\n\n\n\n<p>I dati verranno raccolti durante la navigazione del sito, in forma passiva (ovvero, mediante una acquisizione che avviene senza la fornitura attiva da parte dell\u2019utente).<\/p>\n\n\n\n<p>Il trattamento dei dati personali sar\u00e0 effettuato con strumenti informatici nel rispetto delle disposizioni in materia di protezione dei dati personali e, in particolare, delle misure di sicurezza, e con l\u2019osservanza di ogni misura cautelativa che ne garantisca la relativa riservatezza e sicurezza.<\/p>\n\n\n\n<p>I dati personali non saranno oggetto di profilazione.<\/p>\n\n\n\n<h3 class=\"wp-block-heading has-medium-font-size\" style=\"font-style:normal;font-weight:700\">Tipologie di dati trattati<\/h3>\n\n\n\n<p>Dati di navigazione (es: indirizzo IP; indirizzo MAC; tipo di computer; risoluzione dello schermo; versione browser ecc; tipologia di dispositivo).<\/p>\n\n\n\n<h3 class=\"wp-block-heading has-medium-font-size\" style=\"font-style:normal;font-weight:700\">Ambito di comunicazione e destinatari dei dati personali<\/h3>\n\n\n\n<p>I Suoi dati personali potranno essere comunicati, in stretta relazione alle finalit\u00e0 sopra indicate, ai seguenti destinatari o categorie di destinatari: soggetti ai quali <strong>FONDAZIONE COLLEGIO SAN CARLO<\/strong> affida l\u2019installazione\/manutenzione dei sistemi informatici; societ\u00e0 che operano nell\u2019ambito della prevenzione delle frodi; Organi di Polizia e Giudiziari. I destinatari sopra indicati agiscono o in qualit\u00e0 di Titolari autonomi del trattamento o in qualit\u00e0 di Responsabili del trattamento, appositamente nominati ai sensi dell\u2019art. 28 del Regolamento UE 2016\/679, ovvero autorizzati al trattamento ai sensi dell\u2019art. 29 del Regolamento UE 2016\/679. Inoltre, potr\u00e0 venire a conoscenza dei Suoi dati personali il personale aziendale dipendente e\/o collaboratore appositamente istruito, nonch\u00e9 nominato incaricato e autorizzato al trattamento.<\/p>\n\n\n\n<p>I Suoi dati personali non saranno oggetto di diffusione se non per obblighi di legge.<\/p>\n\n\n\n<h3 class=\"wp-block-heading has-medium-font-size\" style=\"font-style:normal;font-weight:700\">Natura obbligatoria o facoltativa del conferimento dei dati e conseguenze della mancata comunicazione<\/h3>\n\n\n\n<p>Il conferimento dei dati personali trattati mediante l\u2019installazione di cookie tecnici o assimilabili \u00e8 obbligatorio per garantire la corretta navigazione all\u2019interno del sito. Il conferimento dei dati personali trattati mediante l\u2019installazione di cookie di profilazione \u00e8 facoltativo; il mancato conferimento degli stessi implica l\u2019impossibilit\u00e0 di svolgimento delle attivit\u00e0 richiamate nelle finalit\u00e0 di riferimento (D \u2013 E -F).<\/p>\n\n\n\n<h3 class=\"wp-block-heading has-medium-font-size\" style=\"font-style:normal;font-weight:700\">Normativa e prescrizioni relative al trattamento dei dati personali attraverso i cookie<\/h3>\n\n\n\n<p>I contenuti di cui alla a presente informativa- predisposta ai sensi dell\u2019art. 13 del Regolamento n. 679\/2016\/UE (Regolamento generale sulla protezione dei dati \u2013 \u201cGDPR\u201c) \u2013 sono conformi alle prescrizioni della Direttiva Europea 2009-136-CE, che impone ai gestori dei siti web che utilizzano cookie o altre tecnologie di monitoraggio di informare l\u2019utente circa le tipologie di eventuali cookie utilizzati dal sito, alle indicazioni contenute nel Provvedimento n. 229 del 8 maggio 2014 dal Garante per la protezione dei dati personali e nelle \u201cLinee Guida sull\u2019utilizzo dei cookie e di altri strumenti di tracciamento\u201d (\u201cLinee guida sui cookie\u201d), approvate dall\u2019Autorit\u00e0 Garante ed entrate in vigore in data 10 gennaio 2022. L\u2019informativa \u2013 laddove necessario \u2013 potr\u00e0 essere modificata o aggiornata successivamente dal Titolare del Trattamento sulla base di sopravvenute diverse interpretazioni, decisioni, pareri e ordini relativi alle disposizioni di legge e regolamentari applicabili in materia di protezione dei dati personali e resa disponibile sul nostro sito web.<\/p>\n\n\n\n<h3 class=\"wp-block-heading has-medium-font-size\" style=\"font-style:normal;font-weight:700\">Cosa sono i cookie<\/h3>\n\n\n\n<p>I cookie sono stringhe di testo di piccola dimensione scambiati tra un server e il web client. Nello specifico, si tratta di file che un sito invia al browser dell\u2019utente e che vengono salvati sul suo dispositivo.<\/p>\n\n\n\n<p>Durante la navigazione verranno raccolte quantit\u00e0 minime di informazioni nei dispositivi in uso (che siano computer e periferiche mobili), in piccoli file di testo \u2013 denominati per l\u2019appunto \u201ccookie\u201d \u2013 salvati nelle directory utilizzate dal browser web dell\u2019Utente, per periodi di tempo variabili in funzione dell\u2019esigenza e generalmente compresi tra poche ore e alcuni anni.<\/p>\n\n\n\n<p>Le informazioni registrate sul dispositivo dell\u2019utente potranno essere riutilizzate nel corso della medesima visita ai siti (cookie di sessione) o in seguito, anche a distanza di giorni (cookie persistenti). I cookie vengono memorizzati, in base alle preferenze dell\u2019utente, dal singolo browser sullo specifico dispositivo utilizzato (computer, tablet, smartphone).<\/p>\n\n\n\n<p>Alcune delle funzioni dei cookie possono essere demandate ad altre tecnologie; pertanto, nel seguito, con il termine \u201ccookie\u201d si vuol far riferimento ai cookie e a tutte le tecnologie similari.<\/p>\n\n\n\n<p>Si precisa sin d\u2019ora che l\u2019utente pu\u00f2 manifestare le proprie opzioni sull\u2019uso dei cookie presenti sul presente Sito (vedi elenco dettagliato nel seguito del documento) mediante accesso su \u201cIMPOSTA LE TUE PREFERENZE\u201d e successivamente su \u201cImpostazioni Cookie\u201d presente sul footer del sito o anche attraverso le impostazioni del\/i browser seguendo le istruzioni fornite. L\u2019utente pu\u00f2 inoltre impostare la \u201cnavigazione anonima\u201d che gli consente di navigare in internet senza salvare alcuna informazione sui siti, sulle pagine visitate, su eventuali password inserite e su altre informazioni parametri che possano ricondurre alla sua identit\u00e0.<\/p>\n\n\n\n<p>In base alle caratteristiche e all\u2019utilizzo dei cookie possono distinguersi varie tipologie di cookie:<\/p>\n\n\n\n<h3 class=\"wp-block-heading has-medium-font-size\" style=\"font-style:normal;font-weight:700\">Cookie tecnici<\/h3>\n\n\n\n<p>Questi cookie sono indispensabili per il corretto funzionamento di un sito web che vengono utilizzati per gestire diversi servizi legati ai siti web (come ad esempio un login o l\u2019accesso alle funzioni riservate nei siti). La durata dei cookie \u00e8 strettamente limitata alla sessione di lavoro oppure pu\u00f2 essere correlata ad un tempo di permanenza pi\u00f9 lungo in grado memorizzare le scelte del visitatore. La disattivazione dei cookie tecnici pu\u00f2 inficiare l\u2019esperienza d\u2019uso e di navigazione del sito web.<\/p>\n\n\n\n<p>b) <em>Cookie analitici di Prima e Terza parte<\/em><\/p>\n\n\n\n<p>\u2013 <em>di Prima parte<\/em><\/p>\n\n\n\n<p>Sono cookie analitici del Titolare che non contengono dati personali e che vengono utilizzati esclusivamente per finalit\u00e0 statistiche.<\/p>\n\n\n\n<p>\u2013 <em>di Terza parte<\/em><\/p>\n\n\n\n<p>Alla luce della pronuncia del Garante per la protezione dei personali del 9 giugno 2022 sulla non conformit\u00e0 al GDPR di Google ANALYTICS \u201cUA\u201d e considerata la prossima dismissione di questo strumento, sul sito in questione \u00e8 stato installato il Google Analytics 4 (c.d GA4) per le finalit\u00e0 sopra indicate con il settaggio di default che prevede solo la raccolta di dati granulari sulla posizione e sul dispositivo. Il nostro partner \u00e8: Google (http:\/\/www.google.com\/policies\/privacy\/).<\/p>\n\n\n\n<p>**NOTA: stiamo attualmente monitorando la revisione normativa in corso di Google Analytics e il relativo utilizzo dei dati e, pertanto, questa sezione potr\u00e0 subire aggiornamenti a seguito di nuovi provvedimenti\/pronunce in materia a livello nazionale o europeo**<\/p>\n\n\n\n<p>Relativamente agli altri cookie analitici di Soggetti terzi \u2013 che raccolgono informazioni sull\u2019attivit\u00e0 degli utenti nel sito e sul modo in cui sono arrivati al Sito e alle pagine visitate \u2013 si precisa che gli stessi sono direttamente responsabili, in qualit\u00e0 di Titolari del trattamento, dei cookies da loro installati per il tramite del sito \u201cwww.snai.it\u201d, cos\u00ec come dei trattamenti che ne fanno (tra questi figurano, a titolo meramente esemplificativo, fornitori di piattaforme di gioco, fornitori di social network, istituti di pagamento per versamenti\/prelievi, ecc. ).<\/p>\n\n\n\n<h3 class=\"wp-block-heading has-medium-font-size\" style=\"font-style:normal;font-weight:700\">Cookie di profilazione<\/h3>\n\n\n\n<p>Questi cookie sono necessari per creare profili utenti al fine di inviare messaggi pubblicitari in linea con le preferenze manifestate dall\u2019utente all\u2019interno delle pagine del Sito. Tali tipi di Cookies non vengono utilizzati.<\/p>\n\n\n\n<h3 class=\"wp-block-heading has-medium-font-size\" style=\"font-style:normal;font-weight:700\">Tipi di cookie utilizzati e loro finalit\u00e0<\/h3>\n\n\n\n<p>La Fondazione San Carlo utilizza i cookie per raccogliere le informazioni dai visitatori del proprio sito.<\/p>\n\n\n\n<p>Il sito della Fondazione San Carlo utilizza le seguenti tipologie di cookie, che&nbsp;saranno conservati per il tempo strettamente necessario al loro utilizzo:<\/p>\n\n\n\n<ul>\n<li>Cookie tecnici di sessione: per la navigazione e per facilitare l\u2019accesso e la fruizione del sito. Questi sono necessari per accedere alle risorse protette senza dover reinserire le credenziali ad ogni cambio pagina. Questi cookie si eliminano automaticamente alla chiusura del browser.<\/li>\n<\/ul>\n\n\n\n<p>Cancellando tale cookie non verr\u00e0 salvata la presa visione del banner.<\/p>\n\n\n\n<ul>\n<li>Cookie tecnici persistenti: utili a favorire l\u2019utilizzo corretto del sito da parte dell\u2019utente. Sono utilizzati, ad esempio, per conservare le preferenze dell\u2019utente come layout, lingua, ecc. Queste preferenze restano valide anche dopo la chiusura e la riapertura del browser.<\/li>\n\n\n\n<li>Cookie statistici o \u201canalytics\u201d: utilizzati direttamente dal titolare del sito stesso per analizzare statisticamente gli accessi\/le visite al sito e raccolgono informazioni in forma aggregata. Per ulteriori informazioni&nbsp;<a href=\"http:\/\/www.google.it\/intl\/it\/analytics\/\" target=\"_blank\" rel=\"noreferrer noopener\">http:\/\/www.google.it\/intl\/it\/analytics\/<\/a><\/li>\n<\/ul>\n\n\n\n<p>Il Sito della Fondazione San Carlo non utilizza Cookies di profilazione<\/p>\n\n\n\n<h3 class=\"wp-block-heading has-medium-font-size\" style=\"font-style:normal;font-weight:700\">Gestione dei cookie del browser<\/h3>\n\n\n\n<p>Quasi tutti browser web sono impostati per accettare automaticamente i propri cookie, tuttavia, gli utenti possono modificare la configurazione predefinita attraverso le impostazioni specifiche del browser utilizzato; queste ultime, infatti, consentono di disabilitare e\/o cancellare tutti o alcuni cookie o bloccare l\u2019invio dei cookie o limitarlo a determinati siti. La disabilitazione dei cookie o la loro cancellazione potrebbe, tuttavia, compromettere la fruizione ottimale di alcune sezioni del sito o impedire alcune funzionalit\u00e0, nonch\u00e9 influire sul funzionamento dei servizi delle terze parti. Per ulteriori dettagli, si rimanda alle istruzioni presenti all\u2019interno di ciascun browser utilizzato (a titolo esemplificativo Chrome, Firefox, Edge, Safari, Opera, ecc..)<\/p>\n\n\n\n<h3 class=\"wp-block-heading has-medium-font-size\" style=\"font-style:normal;font-weight:700\">Modifica del consenso all\u2019utilizzo dei cookie (rinuncia\/opt-out)<\/h3>\n\n\n\n<p>Gli utenti possono modificare il loro consenso \u2013 negandolo o conferendolo a seconda del caso di specie e della scelta precedentemente fornita \u2013 all\u2019utilizzo dei cookie nel loro browser utilizzando le opzioni di modifica messe a disposizione dal produttore del browser utilizzato.<\/p>\n\n\n\n<h3 class=\"wp-block-heading has-medium-font-size\" style=\"font-style:normal;font-weight:700\">Utilizzo di plug-in di social network<\/h3>\n\n\n\n<p>Il portale \u00e8 integrato con alcuni plug-in di social network, in particolare Facebook, Twitter, Google, LinkedIn per consentire agli utenti di condividere pubblicamente i contenuti del portale che trovano interessanti. Quando l\u2019utente visita una pagina del portale, i plug-in presenti stabiliscono una connessione diretta tra il browser dell\u2019utente e i social network. Tramite questa connessione i social network acquisiscono alcune informazioni relative all\u2019utente, come ad esempio indirizzo IP, data e ora della visita, browser utilizzato, ecc. Inoltre, se l\u2019utente \u00e8 connesso (e quindi autenticato) su uno di questi social network, le informazioni raccolte possono essere collegate al proprio profilo social. La Fondazione Collegio San Carlo invece non rileva nessuna delle informazioni che vengono trasmesse al social network tramite il plug-in.<\/p>\n\n\n\n<h3 class=\"wp-block-heading has-medium-font-size\" style=\"font-style:normal;font-weight:700\">Autenticazione tramite i social network<\/h3>\n\n\n\n<p>Sul Sito vengono utilizzati plug-in di social network per consentire agli utenti di autenticarsi ed accedere ad apposite porzioni di sito utilizzando le credenziali con cui si sono registrati sui social network.<\/p>\n\n\n\n<p>I social network utilizzati sono:<strong>&nbsp;Facebook, Twitter, Google e LinkedIn.<\/strong><\/p>\n\n\n\n<p>In questi casi la Fondazione Collegio San Carlo acquisisce alcuni dati personali (Nome, Cognome, Indirizzo e-mail) dal gestore di credenziali di cui si avvale l\u2019utente, al solo fine di consentire l\u2019accesso ai siti istituzionali e ai servizi online della Fondazione Collegio San Carlo.<\/p>\n\n\n\n<p>Sui cookie installati, quindi, dai social network sopra indicati e definiti di Terze parti, la Fondazione Collegio San Carlo non ha alcun governo.<\/p>\n\n\n\n<h3 class=\"wp-block-heading has-medium-font-size\" style=\"font-style:normal;font-weight:700\">Attivare la modalit\u00e0 di \u201cnavigazione anonima\u201d<\/h3>\n\n\n\n<p>Mediante questa funzione disponibile ormai in tutti i browser, \u00e8 possibile navigare in Internet senza salvare alcuna informazione sui siti e sulle pagine visitate.<\/p>\n\n\n\n<p>Tuttavia, i dati di navigazione, pur con la \u201cnavigazione anonima\u201d, sono registrati e conservati dai gestori dei siti web e dai provider di connettivit\u00e0.<\/p>\n\n\n\n<h3 class=\"wp-block-heading has-medium-font-size\" style=\"font-style:normal;font-weight:700\">Link a siti esterni<\/h3>\n\n\n\n<p>Il Sito contiene collegamenti ipertestuali detti \u201clink\u201d (ossia strumenti che consentono il collegamento ad una pagina web di un altro sito): i siti esterni raggiungibili tramite link attraverso il Sito sono sviluppati e gestiti da soggetti sui quali la Fondazione Collegio San Carlo non ha alcuna titolarit\u00e0 n\u00e9 controllo e non \u00e8 in alcun modo responsabile circa contenuti, qualit\u00e0, accuratezza e servizi offerti. La visita e l\u2019utilizzo dei siti consultati dall\u2019utente dal presente Sito tramite link, quindi, \u00e8 rimessa esclusivamente alla totale discrezionalit\u00e0 e responsabilit\u00e0 dell\u2019utente utilizzatore. La presente informativa, pertanto, \u00e8 resa ed \u00e8 riferibile solo al sito della Fondazione Collegio San Carlo e non anche per altri siti web eventualmente consultati dall\u2019utente tramite link.<\/p>\n\n\n\n<h3 class=\"wp-block-heading has-medium-font-size\" style=\"font-style:normal;font-weight:700\">Periodo di conservazione<\/h3>\n\n\n\n<p>I dati personali saranno conservati per il tempo necessario a conseguire gli scopi per i quali sono stati di volta in volta raccolti.<\/p>\n\n\n\n<h3 class=\"wp-block-heading has-medium-font-size\" style=\"font-style:normal;font-weight:700\">Trasferimento dati all\u2019estero<\/h3>\n\n\n\n<p>I dati personali non saranno trasferiti all\u2019estero verso Paesi diversi da quelli appartenenti all\u2019Unione Europea, che non assicurino adeguati livelli di tutela delle persone.<\/p>\n\n\n\n<h3 class=\"wp-block-heading has-medium-font-size\" style=\"font-style:normal;font-weight:700\">Diritti dell\u2019interessato<\/h3>\n\n\n\n<p>Lei potr\u00e0 chiedere in qualsiasi momento al Titolare del trattamento l\u2019accesso ai dati personali e la rettifica o la cancellazione degli stessi o la limitazione del trattamento che La riguardano o di opporsi al loro trattamento, oltre al diritto alla portabilit\u00e0 dei dati. Ha inoltre il diritto di proporre reclamo al Garante per la protezione dei dati personali. I predetti diritti potranno essere esercitati mediante richiesta inoltrata al titolare anche via e-mail o lettera raccomandata ai recapiti sopra indicati.<\/p>\n\n          <\/div>\r\n        <\/div>\r\n      <\/div>\r\n    <\/div>\r\n  <\/section>\r\n  ","protected":false},"excerpt":{"rendered":"","protected":false},"author":1,"featured_media":0,"parent":0,"menu_order":7,"comment_status":"closed","ping_status":"open","template":"","meta":{"footnotes":""},"acf":[],"yoast_head":"<!-- This site is optimized with the Yoast SEO plugin v21.5 - https:\/\/yoast.com\/wordpress\/plugins\/seo\/ -->\n<title>Privacy Policy - Collegio Fondazione San Carlo<\/title>\n<meta name=\"robots\" content=\"index, follow, max-snippet:-1, max-image-preview:large, max-video-preview:-1\" \/>\n<link rel=\"canonical\" href=\"https:\/\/www.fondazionesancarlo.it\/collegio\/privacy-policy\/\" \/>\n<meta property=\"og:locale\" content=\"it_IT\" \/>\n<meta property=\"og:type\" content=\"article\" \/>\n<meta property=\"og:title\" content=\"Privacy Policy - Collegio Fondazione San Carlo\" \/>\n<meta property=\"og:url\" content=\"https:\/\/www.fondazionesancarlo.it\/collegio\/privacy-policy\/\" \/>\n<meta property=\"og:site_name\" content=\"Collegio Fondazione San Carlo\" \/>\n<meta property=\"article:modified_time\" content=\"2023-11-21T14:04:55+00:00\" \/>\n<meta name=\"twitter:card\" content=\"summary_large_image\" \/>\n<meta name=\"twitter:label1\" content=\"Tempo di lettura stimato\" \/>\n\t<meta name=\"twitter:data1\" content=\"12 minuti\" \/>\n<script type=\"application\/ld+json\" class=\"yoast-schema-graph\">{\"@context\":\"https:\/\/schema.org\",\"@graph\":[{\"@type\":\"WebPage\",\"@id\":\"https:\/\/www.fondazionesancarlo.it\/collegio\/privacy-policy\/\",\"url\":\"https:\/\/www.fondazionesancarlo.it\/collegio\/privacy-policy\/\",\"name\":\"Privacy Policy - Collegio Fondazione San Carlo\",\"isPartOf\":{\"@id\":\"https:\/\/www.fondazionesancarlo.it\/collegio\/#website\"},\"datePublished\":\"2023-05-26T06:48:08+00:00\",\"dateModified\":\"2023-11-21T14:04:55+00:00\",\"breadcrumb\":{\"@id\":\"https:\/\/www.fondazionesancarlo.it\/collegio\/privacy-policy\/#breadcrumb\"},\"inLanguage\":\"it-IT\",\"potentialAction\":[{\"@type\":\"ReadAction\",\"target\":[\"https:\/\/www.fondazionesancarlo.it\/collegio\/privacy-policy\/\"]}]},{\"@type\":\"BreadcrumbList\",\"@id\":\"https:\/\/www.fondazionesancarlo.it\/collegio\/privacy-policy\/#breadcrumb\",\"itemListElement\":[{\"@type\":\"ListItem\",\"position\":1,\"name\":\"Home\",\"item\":\"https:\/\/www.fondazionesancarlo.it\/collegio\/\"},{\"@type\":\"ListItem\",\"position\":2,\"name\":\"Privacy Policy\"}]},{\"@type\":\"WebSite\",\"@id\":\"https:\/\/www.fondazionesancarlo.it\/collegio\/#website\",\"url\":\"https:\/\/www.fondazionesancarlo.it\/collegio\/\",\"name\":\"Collegio Fondazione San Carlo\",\"description\":\"\",\"potentialAction\":[{\"@type\":\"SearchAction\",\"target\":{\"@type\":\"EntryPoint\",\"urlTemplate\":\"https:\/\/www.fondazionesancarlo.it\/collegio\/?s={search_term_string}\"},\"query-input\":\"required name=search_term_string\"}],\"inLanguage\":\"it-IT\"}]}<\/script>\n<!-- \/ Yoast SEO plugin. -->","yoast_head_json":{"title":"Privacy Policy - Collegio Fondazione San Carlo","robots":{"index":"index","follow":"follow","max-snippet":"max-snippet:-1","max-image-preview":"max-image-preview:large","max-video-preview":"max-video-preview:-1"},"canonical":"https:\/\/www.fondazionesancarlo.it\/collegio\/privacy-policy\/","og_locale":"it_IT","og_type":"article","og_title":"Privacy Policy - Collegio Fondazione San Carlo","og_url":"https:\/\/www.fondazionesancarlo.it\/collegio\/privacy-policy\/","og_site_name":"Collegio Fondazione San Carlo","article_modified_time":"2023-11-21T14:04:55+00:00","twitter_card":"summary_large_image","twitter_misc":{"Tempo di lettura stimato":"12 minuti"},"schema":{"@context":"https:\/\/schema.org","@graph":[{"@type":"WebPage","@id":"https:\/\/www.fondazionesancarlo.it\/collegio\/privacy-policy\/","url":"https:\/\/www.fondazionesancarlo.it\/collegio\/privacy-policy\/","name":"Privacy Policy - Collegio Fondazione San Carlo","isPartOf":{"@id":"https:\/\/www.fondazionesancarlo.it\/collegio\/#website"},"datePublished":"2023-05-26T06:48:08+00:00","dateModified":"2023-11-21T14:04:55+00:00","breadcrumb":{"@id":"https:\/\/www.fondazionesancarlo.it\/collegio\/privacy-policy\/#breadcrumb"},"inLanguage":"it-IT","potentialAction":[{"@type":"ReadAction","target":["https:\/\/www.fondazionesancarlo.it\/collegio\/privacy-policy\/"]}]},{"@type":"BreadcrumbList","@id":"https:\/\/www.fondazionesancarlo.it\/collegio\/privacy-policy\/#breadcrumb","itemListElement":[{"@type":"ListItem","position":1,"name":"Home","item":"https:\/\/www.fondazionesancarlo.it\/collegio\/"},{"@type":"ListItem","position":2,"name":"Privacy Policy"}]},{"@type":"WebSite","@id":"https:\/\/www.fondazionesancarlo.it\/collegio\/#website","url":"https:\/\/www.fondazionesancarlo.it\/collegio\/","name":"Collegio Fondazione San Carlo","description":"","potentialAction":[{"@type":"SearchAction","target":{"@type":"EntryPoint","urlTemplate":"https:\/\/www.fondazionesancarlo.it\/collegio\/?s={search_term_string}"},"query-input":"required name=search_term_string"}],"inLanguage":"it-IT"}]}},"_links":{"self":[{"href":"https:\/\/www.fondazionesancarlo.it\/collegio\/wp-json\/wp\/v2\/pages\/3"}],"collection":[{"href":"https:\/\/www.fondazionesancarlo.it\/collegio\/wp-json\/wp\/v2\/pages"}],"about":[{"href":"https:\/\/www.fondazionesancarlo.it\/collegio\/wp-json\/wp\/v2\/types\/page"}],"author":[{"embeddable":true,"href":"https:\/\/www.fondazionesancarlo.it\/collegio\/wp-json\/wp\/v2\/users\/1"}],"replies":[{"embeddable":true,"href":"https:\/\/www.fondazionesancarlo.it\/collegio\/wp-json\/wp\/v2\/comments?post=3"}],"version-history":[{"count":42,"href":"https:\/\/www.fondazionesancarlo.it\/collegio\/wp-json\/wp\/v2\/pages\/3\/revisions"}],"predecessor-version":[{"id":59671,"href":"https:\/\/www.fondazionesancarlo.it\/collegio\/wp-json\/wp\/v2\/pages\/3\/revisions\/59671"}],"wp:attachment":[{"href":"https:\/\/www.fondazionesancarlo.it\/collegio\/wp-json\/wp\/v2\/media?parent=3"}],"curies":[{"name":"wp","href":"https:\/\/api.w.org\/{rel}","templated":true}]}}