{"id":59918,"date":"2023-11-28T17:32:00","date_gmt":"2023-11-28T16:32:00","guid":{"rendered":"https:\/\/www.fondazionesancarlo.it\/collegio\/?page_id=59918"},"modified":"2025-05-13T09:55:51","modified_gmt":"2025-05-13T07:55:51","slug":"comunita","status":"publish","type":"page","link":"https:\/\/www.fondazionesancarlo.it\/collegio\/patto-formativo\/comunita\/","title":{"rendered":"Comunit\u00e0"},"content":{"rendered":"<!-- intro -->\r\n<section class=\"blockType-text section-margin-t  animateEl\" data-animate=\"fadeIn\" data-duration=\"1s\" data-delay=\".5s\">\r\n  <div class=\"container g-0\">\r\n    <div class=\"row align-items-center titleRow maxWidthBlock-rew\">\r\n      <div class=\"col-12\">\r\n        <h1 class=\"mainTitle\">Comunit\u00e0<\/h1>\r\n        <h2 class=\"secondTitle-rew\"><\/h2>\r\n        <div class=\"wrapText\">\r\n          <p>Forte di una <a href=\"https:\/\/www.fondazionesancarlo.it\/collegio\/chi-siamo\/storia\/\" target=\"_blank\" rel=\"noreferrer noopener\">storia<\/a> plurisecolare, il Collegio San Carlo persegue l\u2019obiettivo di educare i giovani e di coltivarne le capacit\u00e0 e i talenti, proponendo loro un\u00a0<strong>modello di eccellenza<\/strong>. Nel coinvolgere gli studenti all\u2019interno di una\u00a0<strong>comunit\u00e0 attiva, aperta e democratica<\/strong>, il Collegio intende promuoverne la maturazione personale, il senso di responsabilit\u00e0 sociale e la consapevolezza civica. Il Collegio vuole trasmettere agli studenti i valori, le conoscenze e le competenze necessarie perch\u00e9, al successo negli studi, faccia seguito una\u00a0<strong>vita professionale ricca di soddisfazioni<\/strong>\u00a0e moralmente consapevole.<br><br>La selezione dei candidati pi\u00f9 meritevoli e pi\u00f9 motivati \u00e8 volta a creare un circolo virtuoso tra i residenti, che contribuiscono a creare insieme una\u00a0<strong>comunit\u00e0 di apprendimento continuo<\/strong>. Le attivit\u00e0 proposte ai residenti sono pensate per stimolarne le capacit\u00e0 di comunicazione, lo spirito di iniziativa, il pensiero critico e l\u2019apertura internazionale.<br><br>Il sostegno offerto fin dal momento dell\u2019ammissione da un\u00a0<strong>personale aggiornato e qualificato<\/strong>\u00a0vuole abituarli a un rapporto maturo e responsabile con la societ\u00e0, mentre i percorsi formativi intendono motivarli a\u00a0<strong>coltivare la curiosit\u00e0<\/strong>, la voglia di imparare e il desiderio di inseguire nuove sfide. La possibilit\u00e0 di condividere quotidianamente esperienze di studio e di vita permette loro di ampliare gli orizzonti e abituarsi al confronto con diversi sguardi sul mondo.<br><br>Attraverso la promozione delle\u00a0<strong>competenze trasversali<\/strong>, il Collegio non intende soltanto aiutare e promuovere studenti con risultati accademici pi\u00f9 brillanti, ma anche e soprattutto sviluppare le capacit\u00e0 che li renderanno pi\u00f9 consapevoli davanti alle sfide poste dal mondo del lavoro, dalla cittadinanza e, pi\u00f9 in generale, dalla loro futura vita sociale.<\/p>\r\n        <\/div>\r\n      <\/div>\r\n    <\/div>\r\n  <\/div>\r\n<\/section>\n\n<!-- box -->\r\n  <section id=\"69f2918b315a2\"  class=\"box blockType-text  section-margin-t   section-margin-b \">\r\n    <div class=\"container g-0\">\r\n      <div class=\"row align-items-center titleRow maxWidthBlock-rew\">\r\n        <div class=\"col-12\">\r\n          \n\n<figure class=\"wp-block-embed aligncenter is-type-video is-provider-youtube wp-block-embed-youtube wp-embed-aspect-16-9 wp-has-aspect-ratio\"><div class=\"wp-block-embed__wrapper\">\n<iframe loading=\"lazy\" title=\"Collegio San Carlo - Insieme, sicuri, per il tuo futuro\" width=\"500\" height=\"281\" src=\"https:\/\/www.youtube.com\/embed\/M0vwRj64FNA?feature=oembed\" frameborder=\"0\" allow=\"accelerometer; autoplay; clipboard-write; encrypted-media; gyroscope; picture-in-picture; web-share\" referrerpolicy=\"strict-origin-when-cross-origin\" allowfullscreen><\/iframe>\n<\/div><\/figure>\n\n        <\/div>\r\n      <\/div>\r\n    <\/div>\r\n  <\/section>\r\n  \n\n<!-- aicodgallery -->\r\n<section class=\"blockType-masonry  \" >\r\n  <div class=\"container\">\r\n        <div class=\"row it-masonry\" data-bs-toggle=\"masonry\">\r\n          <!--<div class=\"col-sm-6 col-lg-4 mb-4 animateEl\" data-animate=\"fadeIn\" data-duration=\"1s\" data-delay=\"0.5\">-->\r\n      <div class=\"col-sm-6 col-lg-4 mb-4 animateEl\" data-animate=\"fadeIn\" data-duration=\"1s\" data-delay=\"0.5\">\r\n        <div class=\"it-grid-item-wrapper\">\r\n          <div class=\"img-responsive-wrapper\">\r\n            <div class=\"img-responsive\">\r\n              <div class=\"img-wrapper\">\r\n                <a href=\"https:\/\/www.fondazionesancarlo.it\/collegio\/wp-content\/uploads\/2023\/12\/Comunita-GRANDE.jpg\" data-lightbox=\"g1test\">\r\n                  <img decoding=\"async\" src=\"https:\/\/www.fondazionesancarlo.it\/collegio\/wp-content\/uploads\/2023\/12\/Comunita-01.jpg\"  loading=\"lazy\">\r\n                <\/a>\r\n              <\/div>\r\n            <\/div>\r\n          <\/div>\r\n        <\/div>\r\n      <\/div>\r\n              <!--<div class=\"col-sm-6 col-lg-4 mb-4 animateEl\" data-animate=\"fadeIn\" data-duration=\"1s\" data-delay=\"1.5\">-->\r\n      <div class=\"col-sm-6 col-lg-4 mb-4 animateEl\" data-animate=\"fadeIn\" data-duration=\"1s\" data-delay=\"0.5\">\r\n        <div class=\"it-grid-item-wrapper\">\r\n          <div class=\"img-responsive-wrapper\">\r\n            <div class=\"img-responsive\">\r\n              <div class=\"img-wrapper\">\r\n                <a href=\"https:\/\/www.fondazionesancarlo.it\/collegio\/wp-content\/uploads\/2025\/05\/Comunita_FSC-2.jpg\" data-lightbox=\"g1test\">\r\n                  <img decoding=\"async\" src=\"https:\/\/www.fondazionesancarlo.it\/collegio\/wp-content\/uploads\/2025\/05\/Comunita_FSC-2.jpg\"  loading=\"lazy\">\r\n                <\/a>\r\n              <\/div>\r\n            <\/div>\r\n          <\/div>\r\n        <\/div>\r\n      <\/div>\r\n              <!--<div class=\"col-sm-6 col-lg-4 mb-4 animateEl\" data-animate=\"fadeIn\" data-duration=\"1s\" data-delay=\"2.5\">-->\r\n      <div class=\"col-sm-6 col-lg-4 mb-4 animateEl\" data-animate=\"fadeIn\" data-duration=\"1s\" data-delay=\"0.5\">\r\n        <div class=\"it-grid-item-wrapper\">\r\n          <div class=\"img-responsive-wrapper\">\r\n            <div class=\"img-responsive\">\r\n              <div class=\"img-wrapper\">\r\n                <a href=\"https:\/\/www.fondazionesancarlo.it\/collegio\/wp-content\/uploads\/2025\/05\/Comunita_FSC-scaled.jpg\" data-lightbox=\"g1test\">\r\n                  <img decoding=\"async\" src=\"https:\/\/www.fondazionesancarlo.it\/collegio\/wp-content\/uploads\/2025\/05\/Comunita_FSC-scaled.jpg\"  loading=\"lazy\">\r\n                <\/a>\r\n              <\/div>\r\n            <\/div>\r\n          <\/div>\r\n        <\/div>\r\n      <\/div>\r\n              <!--<div class=\"col-sm-6 col-lg-4 mb-4 animateEl\" data-animate=\"fadeIn\" data-duration=\"1s\" data-delay=\"3.5\">-->\r\n      <div class=\"col-sm-6 col-lg-4 mb-4 animateEl\" data-animate=\"fadeIn\" data-duration=\"1s\" data-delay=\"0.5\">\r\n        <div class=\"it-grid-item-wrapper\">\r\n          <div class=\"img-responsive-wrapper\">\r\n            <div class=\"img-responsive\">\r\n              <div class=\"img-wrapper\">\r\n                <a href=\"https:\/\/www.fondazionesancarlo.it\/collegio\/wp-content\/uploads\/2023\/12\/Collegio-Comunita.jpg\" data-lightbox=\"g1test\">\r\n                  <img decoding=\"async\" src=\"https:\/\/www.fondazionesancarlo.it\/collegio\/wp-content\/uploads\/2023\/12\/Comunita-03.jpg\"  loading=\"lazy\">\r\n                <\/a>\r\n              <\/div>\r\n            <\/div>\r\n          <\/div>\r\n        <\/div>\r\n      <\/div>\r\n              <!--<div class=\"col-sm-6 col-lg-4 mb-4 animateEl\" data-animate=\"fadeIn\" data-duration=\"1s\" data-delay=\"4.5\">-->\r\n      <div class=\"col-sm-6 col-lg-4 mb-4 animateEl\" data-animate=\"fadeIn\" data-duration=\"1s\" data-delay=\"0.5\">\r\n        <div class=\"it-grid-item-wrapper\">\r\n          <div class=\"img-responsive-wrapper\">\r\n            <div class=\"img-responsive\">\r\n              <div class=\"img-wrapper\">\r\n                <a href=\"https:\/\/www.fondazionesancarlo.it\/collegio\/wp-content\/uploads\/2023\/12\/Comunita-Collegio.jpg\" data-lightbox=\"g1test\">\r\n                  <img decoding=\"async\" src=\"https:\/\/www.fondazionesancarlo.it\/collegio\/wp-content\/uploads\/2023\/12\/Collegio-04.jpg\"  loading=\"lazy\">\r\n                <\/a>\r\n              <\/div>\r\n            <\/div>\r\n          <\/div>\r\n        <\/div>\r\n      <\/div>\r\n              <!--<div class=\"col-sm-6 col-lg-4 mb-4 animateEl\" data-animate=\"fadeIn\" data-duration=\"1s\" data-delay=\"5.5\">-->\r\n      <div class=\"col-sm-6 col-lg-4 mb-4 animateEl\" data-animate=\"fadeIn\" data-duration=\"1s\" data-delay=\"0.5\">\r\n        <div class=\"it-grid-item-wrapper\">\r\n          <div class=\"img-responsive-wrapper\">\r\n            <div class=\"img-responsive\">\r\n              <div class=\"img-wrapper\">\r\n                <a href=\"https:\/\/www.fondazionesancarlo.it\/collegio\/wp-content\/uploads\/2023\/12\/FSC-Comunita.jpg\" data-lightbox=\"g1test\">\r\n                  <img decoding=\"async\" src=\"https:\/\/www.fondazionesancarlo.it\/collegio\/wp-content\/uploads\/2023\/12\/Collegio-05.jpg\"  loading=\"lazy\">\r\n                <\/a>\r\n              <\/div>\r\n            <\/div>\r\n          <\/div>\r\n        <\/div>\r\n      <\/div>\r\n            \r\n    <\/div>\r\n  <\/div>\r\n<\/section>","protected":false},"excerpt":{"rendered":"","protected":false},"author":5,"featured_media":25,"parent":59916,"menu_order":5,"comment_status":"closed","ping_status":"closed","template":"","meta":{"footnotes":""},"acf":[],"yoast_head":"<!-- This site is optimized with the Yoast SEO plugin v21.5 - https:\/\/yoast.com\/wordpress\/plugins\/seo\/ -->\n<title>Comunit\u00e0 - Collegio Fondazione San Carlo<\/title>\n<meta name=\"description\" content=\"Il Collegio intende promuovere la maturazione personale, il senso di responsabilit\u00e0 sociale e la consapevolezza civica coinvolgendo gli studenti all\u2019interno di una\u00a0comunit\u00e0 attiva, aperta e democratica.\" \/>\n<meta name=\"robots\" content=\"index, follow, max-snippet:-1, max-image-preview:large, max-video-preview:-1\" \/>\n<link rel=\"canonical\" href=\"https:\/\/www.fondazionesancarlo.it\/collegio\/patto-formativo\/comunita\/\" \/>\n<meta property=\"og:locale\" content=\"it_IT\" \/>\n<meta property=\"og:type\" content=\"article\" \/>\n<meta property=\"og:title\" content=\"Comunit\u00e0 - Collegio Fondazione San Carlo\" \/>\n<meta property=\"og:description\" content=\"Il Collegio intende promuovere la maturazione personale, il senso di responsabilit\u00e0 sociale e la consapevolezza civica coinvolgendo gli studenti all\u2019interno di una\u00a0comunit\u00e0 attiva, aperta e democratica.\" \/>\n<meta property=\"og:url\" content=\"https:\/\/www.fondazionesancarlo.it\/collegio\/patto-formativo\/comunita\/\" \/>\n<meta property=\"og:site_name\" content=\"Collegio Fondazione San Carlo\" \/>\n<meta property=\"article:modified_time\" content=\"2025-05-13T07:55:51+00:00\" \/>\n<meta property=\"og:image\" content=\"https:\/\/www.fondazionesancarlo.it\/collegio\/wp-content\/uploads\/2023\/10\/Collegio-FSC-fromtop.jpg\" \/>\n\t<meta property=\"og:image:width\" content=\"1920\" \/>\n\t<meta property=\"og:image:height\" content=\"1080\" \/>\n\t<meta property=\"og:image:type\" content=\"image\/jpeg\" \/>\n<meta name=\"twitter:card\" content=\"summary_large_image\" \/>\n<meta name=\"twitter:label1\" content=\"Tempo di lettura stimato\" \/>\n\t<meta name=\"twitter:data1\" content=\"1 minuto\" \/>\n<script type=\"application\/ld+json\" class=\"yoast-schema-graph\">{\"@context\":\"https:\/\/schema.org\",\"@graph\":[{\"@type\":\"WebPage\",\"@id\":\"https:\/\/www.fondazionesancarlo.it\/collegio\/patto-formativo\/comunita\/\",\"url\":\"https:\/\/www.fondazionesancarlo.it\/collegio\/patto-formativo\/comunita\/\",\"name\":\"Comunit\u00e0 - Collegio Fondazione San Carlo\",\"isPartOf\":{\"@id\":\"https:\/\/www.fondazionesancarlo.it\/collegio\/#website\"},\"datePublished\":\"2023-11-28T16:32:00+00:00\",\"dateModified\":\"2025-05-13T07:55:51+00:00\",\"description\":\"Il Collegio intende promuovere la maturazione personale, il senso di responsabilit\u00e0 sociale e la consapevolezza civica coinvolgendo gli studenti all\u2019interno di una\u00a0comunit\u00e0 attiva, aperta e democratica.\",\"breadcrumb\":{\"@id\":\"https:\/\/www.fondazionesancarlo.it\/collegio\/patto-formativo\/comunita\/#breadcrumb\"},\"inLanguage\":\"it-IT\",\"potentialAction\":[{\"@type\":\"ReadAction\",\"target\":[\"https:\/\/www.fondazionesancarlo.it\/collegio\/patto-formativo\/comunita\/\"]}]},{\"@type\":\"BreadcrumbList\",\"@id\":\"https:\/\/www.fondazionesancarlo.it\/collegio\/patto-formativo\/comunita\/#breadcrumb\",\"itemListElement\":[{\"@type\":\"ListItem\",\"position\":1,\"name\":\"Home\",\"item\":\"https:\/\/www.fondazionesancarlo.it\/collegio\/\"},{\"@type\":\"ListItem\",\"position\":2,\"name\":\"Patto formativo\",\"item\":\"https:\/\/www.fondazionesancarlo.it\/collegio\/patto-formativo\/\"},{\"@type\":\"ListItem\",\"position\":3,\"name\":\"Comunit\u00e0\"}]},{\"@type\":\"WebSite\",\"@id\":\"https:\/\/www.fondazionesancarlo.it\/collegio\/#website\",\"url\":\"https:\/\/www.fondazionesancarlo.it\/collegio\/\",\"name\":\"Collegio Fondazione San Carlo\",\"description\":\"\",\"potentialAction\":[{\"@type\":\"SearchAction\",\"target\":{\"@type\":\"EntryPoint\",\"urlTemplate\":\"https:\/\/www.fondazionesancarlo.it\/collegio\/?s={search_term_string}\"},\"query-input\":\"required name=search_term_string\"}],\"inLanguage\":\"it-IT\"}]}<\/script>\n<!-- \/ Yoast SEO plugin. -->","yoast_head_json":{"title":"Comunit\u00e0 - Collegio Fondazione San Carlo","description":"Il Collegio intende promuovere la maturazione personale, il senso di responsabilit\u00e0 sociale e la consapevolezza civica coinvolgendo gli studenti all\u2019interno di una\u00a0comunit\u00e0 attiva, aperta e democratica.","robots":{"index":"index","follow":"follow","max-snippet":"max-snippet:-1","max-image-preview":"max-image-preview:large","max-video-preview":"max-video-preview:-1"},"canonical":"https:\/\/www.fondazionesancarlo.it\/collegio\/patto-formativo\/comunita\/","og_locale":"it_IT","og_type":"article","og_title":"Comunit\u00e0 - Collegio Fondazione San Carlo","og_description":"Il Collegio intende promuovere la maturazione personale, il senso di responsabilit\u00e0 sociale e la consapevolezza civica coinvolgendo gli studenti all\u2019interno di una\u00a0comunit\u00e0 attiva, aperta e democratica.","og_url":"https:\/\/www.fondazionesancarlo.it\/collegio\/patto-formativo\/comunita\/","og_site_name":"Collegio Fondazione San Carlo","article_modified_time":"2025-05-13T07:55:51+00:00","og_image":[{"width":1920,"height":1080,"url":"https:\/\/www.fondazionesancarlo.it\/collegio\/wp-content\/uploads\/2023\/10\/Collegio-FSC-fromtop.jpg","type":"image\/jpeg"}],"twitter_card":"summary_large_image","twitter_misc":{"Tempo di lettura stimato":"1 minuto"},"schema":{"@context":"https:\/\/schema.org","@graph":[{"@type":"WebPage","@id":"https:\/\/www.fondazionesancarlo.it\/collegio\/patto-formativo\/comunita\/","url":"https:\/\/www.fondazionesancarlo.it\/collegio\/patto-formativo\/comunita\/","name":"Comunit\u00e0 - Collegio Fondazione San Carlo","isPartOf":{"@id":"https:\/\/www.fondazionesancarlo.it\/collegio\/#website"},"datePublished":"2023-11-28T16:32:00+00:00","dateModified":"2025-05-13T07:55:51+00:00","description":"Il Collegio intende promuovere la maturazione personale, il senso di responsabilit\u00e0 sociale e la consapevolezza civica coinvolgendo gli studenti all\u2019interno di una\u00a0comunit\u00e0 attiva, aperta e democratica.","breadcrumb":{"@id":"https:\/\/www.fondazionesancarlo.it\/collegio\/patto-formativo\/comunita\/#breadcrumb"},"inLanguage":"it-IT","potentialAction":[{"@type":"ReadAction","target":["https:\/\/www.fondazionesancarlo.it\/collegio\/patto-formativo\/comunita\/"]}]},{"@type":"BreadcrumbList","@id":"https:\/\/www.fondazionesancarlo.it\/collegio\/patto-formativo\/comunita\/#breadcrumb","itemListElement":[{"@type":"ListItem","position":1,"name":"Home","item":"https:\/\/www.fondazionesancarlo.it\/collegio\/"},{"@type":"ListItem","position":2,"name":"Patto formativo","item":"https:\/\/www.fondazionesancarlo.it\/collegio\/patto-formativo\/"},{"@type":"ListItem","position":3,"name":"Comunit\u00e0"}]},{"@type":"WebSite","@id":"https:\/\/www.fondazionesancarlo.it\/collegio\/#website","url":"https:\/\/www.fondazionesancarlo.it\/collegio\/","name":"Collegio Fondazione San Carlo","description":"","potentialAction":[{"@type":"SearchAction","target":{"@type":"EntryPoint","urlTemplate":"https:\/\/www.fondazionesancarlo.it\/collegio\/?s={search_term_string}"},"query-input":"required name=search_term_string"}],"inLanguage":"it-IT"}]}},"_links":{"self":[{"href":"https:\/\/www.fondazionesancarlo.it\/collegio\/wp-json\/wp\/v2\/pages\/59918"}],"collection":[{"href":"https:\/\/www.fondazionesancarlo.it\/collegio\/wp-json\/wp\/v2\/pages"}],"about":[{"href":"https:\/\/www.fondazionesancarlo.it\/collegio\/wp-json\/wp\/v2\/types\/page"}],"author":[{"embeddable":true,"href":"https:\/\/www.fondazionesancarlo.it\/collegio\/wp-json\/wp\/v2\/users\/5"}],"replies":[{"embeddable":true,"href":"https:\/\/www.fondazionesancarlo.it\/collegio\/wp-json\/wp\/v2\/comments?post=59918"}],"version-history":[{"count":26,"href":"https:\/\/www.fondazionesancarlo.it\/collegio\/wp-json\/wp\/v2\/pages\/59918\/revisions"}],"predecessor-version":[{"id":61862,"href":"https:\/\/www.fondazionesancarlo.it\/collegio\/wp-json\/wp\/v2\/pages\/59918\/revisions\/61862"}],"up":[{"embeddable":true,"href":"https:\/\/www.fondazionesancarlo.it\/collegio\/wp-json\/wp\/v2\/pages\/59916"}],"wp:featuredmedia":[{"embeddable":true,"href":"https:\/\/www.fondazionesancarlo.it\/collegio\/wp-json\/wp\/v2\/media\/25"}],"wp:attachment":[{"href":"https:\/\/www.fondazionesancarlo.it\/collegio\/wp-json\/wp\/v2\/media?parent=59918"}],"curies":[{"name":"wp","href":"https:\/\/api.w.org\/{rel}","templated":true}]}}