{"id":61961,"date":"2025-05-19T17:21:02","date_gmt":"2025-05-19T15:21:02","guid":{"rendered":"https:\/\/www.fondazionesancarlo.it\/collegio\/?post_type=progetto&#038;p=61961"},"modified":"2025-05-19T17:21:03","modified_gmt":"2025-05-19T15:21:03","slug":"tedxmodenawomen","status":"publish","type":"progetto","link":"https:\/\/www.fondazionesancarlo.it\/collegio\/progetto\/tedxmodenawomen\/","title":{"rendered":"TEDXModenaWomen\u00a0"},"content":{"rendered":"<!-- box -->\r\n  <section id=\"69f3ebe42e201\"  class=\"box blockType-text  \">\r\n    <div class=\"container g-0\">\r\n      <div class=\"row align-items-center titleRow maxWidthBlock-rew\">\r\n        <div class=\"col-12\">\r\n          \n\n<p>TEDxModenaWomen \u00e8 un evento nato per raccontare come le donne stanno plasmando una societ\u00e0 pi\u00f9 consapevole con coraggio e innovazione. Le speaker scelte per questa serie di conferenze raccontano infatti le loro storie e descrivono come le loro idee stanno ridefinendo il futuro della scienza, dell&#8217;arte, dell&#8217;attivismo e dell&#8217;imprenditoria.\u00a0<\/p>\n\n\n\n<p>TEDxModenaWomen \u00e8 promosso da UNIMORE, MUNER Motorvehicle University Emilia Romagna, Fondazione Collegio San Carlo, Modena Smart Life e MOTOR VALLEY FEST, con il patrocinio dei Comuni di Modena, Carpi, Sassuolo, Fiorano e Maranello, di emiliaromagnaturismo e di Confindustria Emilia Area Centro. Ha ottenuto il sostegno di numerosi sostenitori, tra cui DUNA-Corradini, Chimar, Proxima, VEM, AD Consulting, Legita, Modenamoremio, VITANOVA, Otherwise, Espresso, Deutsche Bank, StudioRPR e FLORIM.&nbsp;<\/p>\n\n        <\/div>\r\n      <\/div>\r\n    <\/div>\r\n  <\/section>\r\n  \n\n<!-- aicodgallery -->\r\n<section class=\"blockType-masonry  \" >\r\n  <div class=\"container\">\r\n        <div class=\"row it-masonry\" data-bs-toggle=\"masonry\">\r\n          <!--<div class=\"col-sm-6 col-lg-4 mb-4 animateEl\" data-animate=\"fadeIn\" data-duration=\"1s\" data-delay=\"0.5\">-->\r\n      <div class=\"col-sm-6 col-lg-4 mb-4 animateEl\" data-animate=\"fadeIn\" data-duration=\"1s\" data-delay=\"0.5\">\r\n        <div class=\"it-grid-item-wrapper\">\r\n          <div class=\"img-responsive-wrapper\">\r\n            <div class=\"img-responsive\">\r\n              <div class=\"img-wrapper\">\r\n                <a href=\"https:\/\/www.fondazionesancarlo.it\/collegio\/wp-content\/uploads\/2024\/03\/TEDXModena-WOMAN-GRANDI.jpg\" data-lightbox=\"g1test\">\r\n                  <img decoding=\"async\" src=\"https:\/\/www.fondazionesancarlo.it\/collegio\/wp-content\/uploads\/2024\/03\/TedXWoman2023-1.jpg\"  loading=\"lazy\">\r\n                <\/a>\r\n              <\/div>\r\n            <\/div>\r\n          <\/div>\r\n        <\/div>\r\n      <\/div>\r\n              <!--<div class=\"col-sm-6 col-lg-4 mb-4 animateEl\" data-animate=\"fadeIn\" data-duration=\"1s\" data-delay=\"1.5\">-->\r\n      <div class=\"col-sm-6 col-lg-4 mb-4 animateEl\" data-animate=\"fadeIn\" data-duration=\"1s\" data-delay=\"0.5\">\r\n        <div class=\"it-grid-item-wrapper\">\r\n          <div class=\"img-responsive-wrapper\">\r\n            <div class=\"img-responsive\">\r\n              <div class=\"img-wrapper\">\r\n                <a href=\"https:\/\/www.fondazionesancarlo.it\/collegio\/wp-content\/uploads\/2024\/03\/TEDXModena-WOMAN-GRANDI-1.jpg\" data-lightbox=\"g1test\">\r\n                  <img decoding=\"async\" src=\"https:\/\/www.fondazionesancarlo.it\/collegio\/wp-content\/uploads\/2024\/03\/TedXWoman2023.jpg\"  loading=\"lazy\">\r\n                <\/a>\r\n              <\/div>\r\n            <\/div>\r\n          <\/div>\r\n        <\/div>\r\n      <\/div>\r\n              <!--<div class=\"col-sm-6 col-lg-4 mb-4 animateEl\" data-animate=\"fadeIn\" data-duration=\"1s\" data-delay=\"2.5\">-->\r\n      <div class=\"col-sm-6 col-lg-4 mb-4 animateEl\" data-animate=\"fadeIn\" data-duration=\"1s\" data-delay=\"0.5\">\r\n        <div class=\"it-grid-item-wrapper\">\r\n          <div class=\"img-responsive-wrapper\">\r\n            <div class=\"img-responsive\">\r\n              <div class=\"img-wrapper\">\r\n                <a href=\"https:\/\/www.fondazionesancarlo.it\/collegio\/wp-content\/uploads\/2025\/05\/TEDx.jpg\" data-lightbox=\"g1test\">\r\n                  <img decoding=\"async\" src=\"https:\/\/www.fondazionesancarlo.it\/collegio\/wp-content\/uploads\/2025\/05\/TEDX1.jpg\"  loading=\"lazy\">\r\n                <\/a>\r\n              <\/div>\r\n            <\/div>\r\n          <\/div>\r\n        <\/div>\r\n      <\/div>\r\n              <!--<div class=\"col-sm-6 col-lg-4 mb-4 animateEl\" data-animate=\"fadeIn\" data-duration=\"1s\" data-delay=\"3.5\">-->\r\n      <div class=\"col-sm-6 col-lg-4 mb-4 animateEl\" data-animate=\"fadeIn\" data-duration=\"1s\" data-delay=\"0.5\">\r\n        <div class=\"it-grid-item-wrapper\">\r\n          <div class=\"img-responsive-wrapper\">\r\n            <div class=\"img-responsive\">\r\n              <div class=\"img-wrapper\">\r\n                <a href=\"https:\/\/www.fondazionesancarlo.it\/collegio\/wp-content\/uploads\/2024\/03\/TEDXWoman-2023-GRANDI.jpg\" data-lightbox=\"g1test\">\r\n                  <img decoding=\"async\" src=\"https:\/\/www.fondazionesancarlo.it\/collegio\/wp-content\/uploads\/2024\/03\/TEDXWoman-2023-piccola-2.jpg\"  loading=\"lazy\">\r\n                <\/a>\r\n              <\/div>\r\n            <\/div>\r\n          <\/div>\r\n        <\/div>\r\n      <\/div>\r\n              <!--<div class=\"col-sm-6 col-lg-4 mb-4 animateEl\" data-animate=\"fadeIn\" data-duration=\"1s\" data-delay=\"4.5\">-->\r\n      <div class=\"col-sm-6 col-lg-4 mb-4 animateEl\" data-animate=\"fadeIn\" data-duration=\"1s\" data-delay=\"0.5\">\r\n        <div class=\"it-grid-item-wrapper\">\r\n          <div class=\"img-responsive-wrapper\">\r\n            <div class=\"img-responsive\">\r\n              <div class=\"img-wrapper\">\r\n                <a href=\"https:\/\/www.fondazionesancarlo.it\/collegio\/wp-content\/uploads\/2025\/05\/TEDx-Women-1.jpg\" data-lightbox=\"g1test\">\r\n                  <img decoding=\"async\" src=\"https:\/\/www.fondazionesancarlo.it\/collegio\/wp-content\/uploads\/2025\/05\/TEDx-Women-1-1.jpg\"  loading=\"lazy\">\r\n                <\/a>\r\n              <\/div>\r\n            <\/div>\r\n          <\/div>\r\n        <\/div>\r\n      <\/div>\r\n              <!--<div class=\"col-sm-6 col-lg-4 mb-4 animateEl\" data-animate=\"fadeIn\" data-duration=\"1s\" data-delay=\"5.5\">-->\r\n      <div class=\"col-sm-6 col-lg-4 mb-4 animateEl\" data-animate=\"fadeIn\" data-duration=\"1s\" data-delay=\"0.5\">\r\n        <div class=\"it-grid-item-wrapper\">\r\n          <div class=\"img-responsive-wrapper\">\r\n            <div class=\"img-responsive\">\r\n              <div class=\"img-wrapper\">\r\n                <a href=\"https:\/\/www.fondazionesancarlo.it\/collegio\/wp-content\/uploads\/2025\/05\/TEDxModena-Women.jpg\" data-lightbox=\"g1test\">\r\n                  <img decoding=\"async\" src=\"https:\/\/www.fondazionesancarlo.it\/collegio\/wp-content\/uploads\/2025\/05\/TEDxModena-Women1.jpg\"  loading=\"lazy\">\r\n                <\/a>\r\n              <\/div>\r\n            <\/div>\r\n          <\/div>\r\n        <\/div>\r\n      <\/div>\r\n              <!--<div class=\"col-sm-6 col-lg-4 mb-4 animateEl\" data-animate=\"fadeIn\" data-duration=\"1s\" data-delay=\"6.5\">-->\r\n      <div class=\"col-sm-6 col-lg-4 mb-4 animateEl\" data-animate=\"fadeIn\" data-duration=\"1s\" data-delay=\"0.5\">\r\n        <div class=\"it-grid-item-wrapper\">\r\n          <div class=\"img-responsive-wrapper\">\r\n            <div class=\"img-responsive\">\r\n              <div class=\"img-wrapper\">\r\n                <a href=\"https:\/\/www.fondazionesancarlo.it\/collegio\/wp-content\/uploads\/2025\/05\/TEDxModena-Women-2.jpg\" data-lightbox=\"g1test\">\r\n                  <img decoding=\"async\" src=\"https:\/\/www.fondazionesancarlo.it\/collegio\/wp-content\/uploads\/2025\/05\/TEDxModena-Women-2.jpg\"  loading=\"lazy\">\r\n                <\/a>\r\n              <\/div>\r\n            <\/div>\r\n          <\/div>\r\n        <\/div>\r\n      <\/div>\r\n            \r\n    <\/div>\r\n  <\/div>\r\n<\/section>","protected":false},"excerpt":{"rendered":"<p>TEDxModenaWomen \u00e8 un evento nato per raccontare come le donne stanno plasmando una societ\u00e0 pi\u00f9 consapevole con coraggio e innovazione.<\/p>\n","protected":false},"featured_media":61014,"template":"","meta":[],"acf":[],"yoast_head":"<!-- This site is optimized with the Yoast SEO plugin v21.5 - https:\/\/yoast.com\/wordpress\/plugins\/seo\/ -->\n<title>TEDXModenaWomen\u00a0 - Collegio Fondazione San Carlo<\/title>\n<meta name=\"description\" content=\"TEDxModenaWomen \u00e8 un evento nato per raccontare come le donne stanno plasmando una societ\u00e0 pi\u00f9 consapevole con coraggio e innovazione.\" \/>\n<meta name=\"robots\" content=\"index, follow, max-snippet:-1, max-image-preview:large, max-video-preview:-1\" \/>\n<link rel=\"canonical\" href=\"https:\/\/www.fondazionesancarlo.it\/collegio\/progetto\/tedxmodenawomen\/\" \/>\n<meta property=\"og:locale\" content=\"it_IT\" \/>\n<meta property=\"og:type\" content=\"article\" \/>\n<meta property=\"og:title\" content=\"TEDXModenaWomen\u00a0 - Collegio Fondazione San Carlo\" \/>\n<meta property=\"og:description\" content=\"TEDxModenaWomen \u00e8 un evento nato per raccontare come le donne stanno plasmando una societ\u00e0 pi\u00f9 consapevole con coraggio e innovazione.\" \/>\n<meta property=\"og:url\" content=\"https:\/\/www.fondazionesancarlo.it\/collegio\/progetto\/tedxmodenawomen\/\" \/>\n<meta property=\"og:site_name\" content=\"Collegio Fondazione San Carlo\" \/>\n<meta property=\"article:modified_time\" content=\"2025-05-19T15:21:03+00:00\" \/>\n<meta property=\"og:image\" content=\"https:\/\/www.fondazionesancarlo.it\/collegio\/wp-content\/uploads\/2024\/03\/TEDXModena-WOMAN-GRANDI-1.jpg\" \/>\n\t<meta property=\"og:image:width\" content=\"1900\" \/>\n\t<meta property=\"og:image:height\" content=\"1278\" \/>\n\t<meta property=\"og:image:type\" content=\"image\/jpeg\" \/>\n<meta name=\"twitter:card\" content=\"summary_large_image\" \/>\n<meta name=\"twitter:label1\" content=\"Tempo di lettura stimato\" \/>\n\t<meta name=\"twitter:data1\" content=\"1 minuto\" \/>\n<script type=\"application\/ld+json\" class=\"yoast-schema-graph\">{\"@context\":\"https:\/\/schema.org\",\"@graph\":[{\"@type\":\"WebPage\",\"@id\":\"https:\/\/www.fondazionesancarlo.it\/collegio\/progetto\/tedxmodenawomen\/\",\"url\":\"https:\/\/www.fondazionesancarlo.it\/collegio\/progetto\/tedxmodenawomen\/\",\"name\":\"TEDXModenaWomen\u00a0 - Collegio Fondazione San Carlo\",\"isPartOf\":{\"@id\":\"https:\/\/www.fondazionesancarlo.it\/collegio\/#website\"},\"datePublished\":\"2025-05-19T15:21:02+00:00\",\"dateModified\":\"2025-05-19T15:21:03+00:00\",\"description\":\"TEDxModenaWomen \u00e8 un evento nato per raccontare come le donne stanno plasmando una societ\u00e0 pi\u00f9 consapevole con coraggio e innovazione.\",\"breadcrumb\":{\"@id\":\"https:\/\/www.fondazionesancarlo.it\/collegio\/progetto\/tedxmodenawomen\/#breadcrumb\"},\"inLanguage\":\"it-IT\",\"potentialAction\":[{\"@type\":\"ReadAction\",\"target\":[\"https:\/\/www.fondazionesancarlo.it\/collegio\/progetto\/tedxmodenawomen\/\"]}]},{\"@type\":\"BreadcrumbList\",\"@id\":\"https:\/\/www.fondazionesancarlo.it\/collegio\/progetto\/tedxmodenawomen\/#breadcrumb\",\"itemListElement\":[{\"@type\":\"ListItem\",\"position\":1,\"name\":\"Home\",\"item\":\"https:\/\/www.fondazionesancarlo.it\/collegio\/\"},{\"@type\":\"ListItem\",\"position\":2,\"name\":\"Progetti\",\"item\":\"https:\/\/www.fondazionesancarlo.it\/collegio\/progetto\/\"},{\"@type\":\"ListItem\",\"position\":3,\"name\":\"TEDXModenaWomen\u00a0\"}]},{\"@type\":\"WebSite\",\"@id\":\"https:\/\/www.fondazionesancarlo.it\/collegio\/#website\",\"url\":\"https:\/\/www.fondazionesancarlo.it\/collegio\/\",\"name\":\"Collegio Fondazione San Carlo\",\"description\":\"\",\"potentialAction\":[{\"@type\":\"SearchAction\",\"target\":{\"@type\":\"EntryPoint\",\"urlTemplate\":\"https:\/\/www.fondazionesancarlo.it\/collegio\/?s={search_term_string}\"},\"query-input\":\"required name=search_term_string\"}],\"inLanguage\":\"it-IT\"}]}<\/script>\n<!-- \/ Yoast SEO plugin. -->","yoast_head_json":{"title":"TEDXModenaWomen\u00a0 - Collegio Fondazione San Carlo","description":"TEDxModenaWomen \u00e8 un evento nato per raccontare come le donne stanno plasmando una societ\u00e0 pi\u00f9 consapevole con coraggio e innovazione.","robots":{"index":"index","follow":"follow","max-snippet":"max-snippet:-1","max-image-preview":"max-image-preview:large","max-video-preview":"max-video-preview:-1"},"canonical":"https:\/\/www.fondazionesancarlo.it\/collegio\/progetto\/tedxmodenawomen\/","og_locale":"it_IT","og_type":"article","og_title":"TEDXModenaWomen\u00a0 - Collegio Fondazione San Carlo","og_description":"TEDxModenaWomen \u00e8 un evento nato per raccontare come le donne stanno plasmando una societ\u00e0 pi\u00f9 consapevole con coraggio e innovazione.","og_url":"https:\/\/www.fondazionesancarlo.it\/collegio\/progetto\/tedxmodenawomen\/","og_site_name":"Collegio Fondazione San Carlo","article_modified_time":"2025-05-19T15:21:03+00:00","og_image":[{"width":1900,"height":1278,"url":"https:\/\/www.fondazionesancarlo.it\/collegio\/wp-content\/uploads\/2024\/03\/TEDXModena-WOMAN-GRANDI-1.jpg","type":"image\/jpeg"}],"twitter_card":"summary_large_image","twitter_misc":{"Tempo di lettura stimato":"1 minuto"},"schema":{"@context":"https:\/\/schema.org","@graph":[{"@type":"WebPage","@id":"https:\/\/www.fondazionesancarlo.it\/collegio\/progetto\/tedxmodenawomen\/","url":"https:\/\/www.fondazionesancarlo.it\/collegio\/progetto\/tedxmodenawomen\/","name":"TEDXModenaWomen\u00a0 - Collegio Fondazione San Carlo","isPartOf":{"@id":"https:\/\/www.fondazionesancarlo.it\/collegio\/#website"},"datePublished":"2025-05-19T15:21:02+00:00","dateModified":"2025-05-19T15:21:03+00:00","description":"TEDxModenaWomen \u00e8 un evento nato per raccontare come le donne stanno plasmando una societ\u00e0 pi\u00f9 consapevole con coraggio e innovazione.","breadcrumb":{"@id":"https:\/\/www.fondazionesancarlo.it\/collegio\/progetto\/tedxmodenawomen\/#breadcrumb"},"inLanguage":"it-IT","potentialAction":[{"@type":"ReadAction","target":["https:\/\/www.fondazionesancarlo.it\/collegio\/progetto\/tedxmodenawomen\/"]}]},{"@type":"BreadcrumbList","@id":"https:\/\/www.fondazionesancarlo.it\/collegio\/progetto\/tedxmodenawomen\/#breadcrumb","itemListElement":[{"@type":"ListItem","position":1,"name":"Home","item":"https:\/\/www.fondazionesancarlo.it\/collegio\/"},{"@type":"ListItem","position":2,"name":"Progetti","item":"https:\/\/www.fondazionesancarlo.it\/collegio\/progetto\/"},{"@type":"ListItem","position":3,"name":"TEDXModenaWomen\u00a0"}]},{"@type":"WebSite","@id":"https:\/\/www.fondazionesancarlo.it\/collegio\/#website","url":"https:\/\/www.fondazionesancarlo.it\/collegio\/","name":"Collegio Fondazione San Carlo","description":"","potentialAction":[{"@type":"SearchAction","target":{"@type":"EntryPoint","urlTemplate":"https:\/\/www.fondazionesancarlo.it\/collegio\/?s={search_term_string}"},"query-input":"required name=search_term_string"}],"inLanguage":"it-IT"}]}},"_links":{"self":[{"href":"https:\/\/www.fondazionesancarlo.it\/collegio\/wp-json\/wp\/v2\/progetto\/61961"}],"collection":[{"href":"https:\/\/www.fondazionesancarlo.it\/collegio\/wp-json\/wp\/v2\/progetto"}],"about":[{"href":"https:\/\/www.fondazionesancarlo.it\/collegio\/wp-json\/wp\/v2\/types\/progetto"}],"wp:featuredmedia":[{"embeddable":true,"href":"https:\/\/www.fondazionesancarlo.it\/collegio\/wp-json\/wp\/v2\/media\/61014"}],"wp:attachment":[{"href":"https:\/\/www.fondazionesancarlo.it\/collegio\/wp-json\/wp\/v2\/media?parent=61961"}],"curies":[{"name":"wp","href":"https:\/\/api.w.org\/{rel}","templated":true}]}}